{"id":2265,"date":"2020-10-07T09:59:42","date_gmt":"2020-10-07T09:59:42","guid":{"rendered":"https:\/\/hrf-2023.at2s.ch\/infos\/covid-19-schutzkonzept\/"},"modified":"2022-05-17T09:55:31","modified_gmt":"2022-05-17T09:55:31","slug":"mesures-contre-la-covid-19","status":"publish","type":"page","link":"https:\/\/hrf-2023.at2s.ch\/fr\/infos\/mesures-contre-la-covid-19\/","title":{"rendered":"Mesures contre la COVID-19"},"content":{"rendered":"\n<p>Nous respecterons toutes les sp\u00e9cifications du concept de protection et d&rsquo;hygi\u00e8ne en vigueur au moment de la mise en \u0153uvre. Nous communiquerons le concept de protection d\u00e9taill\u00e9 \u00e0 une date ult\u00e9rieure.<\/p>\n\n\n\n<p>La s\u00e9curit\u00e9 et la sant\u00e9 de toutes les personnes impliqu\u00e9es &#8211; visiteurs comme exposants, partenaires et employ\u00e9s &#8211; sont essentielles \u00e0 nos yeux. Nous avons vraiment h\u00e2te de pouvoir vous accueillir au \u00ab HR FESTIVAL europe \u00bb \u00e0 Zurich !<\/p>\n","protected":false},"excerpt":{"rendered":"<p>Nous respecterons toutes les sp\u00e9cifications du concept de protection et d&rsquo;hygi\u00e8ne en vigueur au moment de la mise en \u0153uvre. Nous communiquerons le concept de protection d\u00e9taill\u00e9 \u00e0 une date ult\u00e9rieure. La s\u00e9curit\u00e9 et la sant\u00e9 de toutes les personnes impliqu\u00e9es &#8211; visiteurs comme exposants, partenaires et employ\u00e9s &#8211; sont essentielles \u00e0 nos yeux. Nous [&hellip;]<\/p>\n","protected":false},"author":2,"featured_media":0,"parent":1935,"menu_order":5,"comment_status":"closed","ping_status":"closed","template":"","meta":{"ub_ctt_via":""},"featured_image_src":null,"uagb_featured_image_src":{"full":false,"thumbnail":false,"medium":false,"medium_large":false,"large":false,"1536x1536":false,"2048x2048":false},"uagb_author_info":{"display_name":"Tobias Mengis","author_link":"https:\/\/hrf-2023.at2s.ch\/fr\/author\/tobi\/"},"uagb_comment_info":0,"uagb_excerpt":"Nous respecterons toutes les sp\u00e9cifications du concept de protection et d&rsquo;hygi\u00e8ne en vigueur au moment de la mise en \u0153uvre. Nous communiquerons le concept de protection d\u00e9taill\u00e9 \u00e0 une date ult\u00e9rieure. La s\u00e9curit\u00e9 et la sant\u00e9 de toutes les personnes impliqu\u00e9es &#8211; visiteurs comme exposants, partenaires et employ\u00e9s &#8211; sont essentielles \u00e0 nos yeux. Nous\u2026","acf":[],"_links":{"self":[{"href":"https:\/\/hrf-2023.at2s.ch\/fr\/wp-json\/wp\/v2\/pages\/2265"}],"collection":[{"href":"https:\/\/hrf-2023.at2s.ch\/fr\/wp-json\/wp\/v2\/pages"}],"about":[{"href":"https:\/\/hrf-2023.at2s.ch\/fr\/wp-json\/wp\/v2\/types\/page"}],"author":[{"embeddable":true,"href":"https:\/\/hrf-2023.at2s.ch\/fr\/wp-json\/wp\/v2\/users\/2"}],"replies":[{"embeddable":true,"href":"https:\/\/hrf-2023.at2s.ch\/fr\/wp-json\/wp\/v2\/comments?post=2265"}],"version-history":[{"count":2,"href":"https:\/\/hrf-2023.at2s.ch\/fr\/wp-json\/wp\/v2\/pages\/2265\/revisions"}],"predecessor-version":[{"id":2916,"href":"https:\/\/hrf-2023.at2s.ch\/fr\/wp-json\/wp\/v2\/pages\/2265\/revisions\/2916"}],"up":[{"embeddable":true,"href":"https:\/\/hrf-2023.at2s.ch\/fr\/wp-json\/wp\/v2\/pages\/1935"}],"wp:attachment":[{"href":"https:\/\/hrf-2023.at2s.ch\/fr\/wp-json\/wp\/v2\/media?parent=2265"}],"curies":[{"name":"wp","href":"https:\/\/api.w.org\/{rel}","templated":true}]}}