{"id":65,"date":"2020-05-13T09:56:48","date_gmt":"2020-05-13T09:56:48","guid":{"rendered":"https:\/\/hrf-2023.at2s.ch\/?page_id=65"},"modified":"2022-10-19T11:35:23","modified_gmt":"2022-10-19T11:35:23","slug":"contact","status":"publish","type":"page","link":"https:\/\/hrf-2023.at2s.ch\/fr\/home\/contact\/","title":{"rendered":"Nous contacter"},"content":{"rendered":"\n<div class=\"wp-block-columns\">\n<div class=\"wp-block-column\" style=\"flex-basis:66.66%\">\n<div class=\"wp-block-columns\">\n<div class=\"wp-block-column\">\n<figure class=\"wp-block-image size-large\"><img loading=\"lazy\" width=\"400\" height=\"400\" src=\"https:\/\/hrf-2023.at2s.ch\/wp-content\/uploads\/2022\/02\/Tobias_Mengis.jpg\" alt=\"\" class=\"wp-image-4009\" srcset=\"https:\/\/hrf-2023.at2s.ch\/wp-content\/uploads\/2022\/02\/Tobias_Mengis.jpg 400w, https:\/\/hrf-2023.at2s.ch\/wp-content\/uploads\/2022\/02\/Tobias_Mengis-300x300.jpg 300w, https:\/\/hrf-2023.at2s.ch\/wp-content\/uploads\/2022\/02\/Tobias_Mengis-150x150.jpg 150w\" sizes=\"(max-width: 400px) 100vw, 400px\" \/><\/figure>\n\n\n\n<p><strong>Tobias Mengis<\/strong><br>Contact exposants et sponsors, Directeur<br><a href=\"mailto:tm@hrtoday.ch\">tm@hrtoday.ch<br><\/a><a href=\"tel:+41 44 269 50 18\">+41 44 269 50 18<\/a><\/p>\n<\/div>\n\n\n\n<div class=\"wp-block-column\">\n<figure class=\"wp-block-image size-large\"><img loading=\"lazy\" width=\"400\" height=\"400\" src=\"https:\/\/hrf-2023.at2s.ch\/wp-content\/uploads\/2022\/02\/Lea_Maurer.jpg\" alt=\"\" class=\"wp-image-3988\" srcset=\"https:\/\/hrf-2023.at2s.ch\/wp-content\/uploads\/2022\/02\/Lea_Maurer.jpg 400w, https:\/\/hrf-2023.at2s.ch\/wp-content\/uploads\/2022\/02\/Lea_Maurer-300x300.jpg 300w, https:\/\/hrf-2023.at2s.ch\/wp-content\/uploads\/2022\/02\/Lea_Maurer-150x150.jpg 150w\" sizes=\"(max-width: 400px) 100vw, 400px\" \/><\/figure>\n\n\n\n<p><strong>Lea Maurer<\/strong><br>Contact marketing et organisation, Responsable marketing et events<br><a rel=\"noreferrer noopener\" href=\"mailto:lm@hrtoday.ch\" target=\"_blank\">lm@hrtoday.ch<\/a><br><a href=\"tel:+41 44 269 50 36\">+41 44 269 50 36<\/a><\/p>\n<\/div>\n<\/div>\n\n\n\n<div class=\"wp-block-columns\">\n<div class=\"wp-block-column\">\n<figure class=\"wp-block-image size-large\"><img loading=\"lazy\" width=\"400\" height=\"400\" src=\"https:\/\/hrf-2023.at2s.ch\/wp-content\/uploads\/2022\/02\/Sara_Bugmann.jpg\" alt=\"\" class=\"wp-image-4000\" srcset=\"https:\/\/hrf-2023.at2s.ch\/wp-content\/uploads\/2022\/02\/Sara_Bugmann.jpg 400w, https:\/\/hrf-2023.at2s.ch\/wp-content\/uploads\/2022\/02\/Sara_Bugmann-300x300.jpg 300w, https:\/\/hrf-2023.at2s.ch\/wp-content\/uploads\/2022\/02\/Sara_Bugmann-150x150.jpg 150w\" sizes=\"(max-width: 400px) 100vw, 400px\" \/><\/figure>\n\n\n\n<p><strong>Sara Bugmann<\/strong><br>Assistance aux exposants<br><a href=\"mailto:sb@hrtoday.ch\" data-type=\"mailto\" data-id=\"mailto:sb@hrtoday.ch\">sb@hrtoday.ch<\/a><br><a href=\"tel:+41 44 269 50 34\">+41 44 269 50 37<\/a><\/p>\n<\/div>\n\n\n\n<div class=\"wp-block-column\">\n<figure class=\"wp-block-image size-large\"><img loading=\"lazy\" width=\"400\" height=\"400\" src=\"https:\/\/hrf-2023.at2s.ch\/wp-content\/uploads\/2022\/02\/Franziska_Luginbu\u0308hl.jpg\" alt=\"\" class=\"wp-image-3982\" srcset=\"https:\/\/hrf-2023.at2s.ch\/wp-content\/uploads\/2022\/02\/Franziska_Luginbu\u0308hl.jpg 400w, https:\/\/hrf-2023.at2s.ch\/wp-content\/uploads\/2022\/02\/Franziska_Luginbu\u0308hl-300x300.jpg 300w, https:\/\/hrf-2023.at2s.ch\/wp-content\/uploads\/2022\/02\/Franziska_Luginbu\u0308hl-150x150.jpg 150w\" sizes=\"(max-width: 400px) 100vw, 400px\" \/><\/figure>\n\n\n\n<p><strong>Franziska Luginb\u00fchl<br><\/strong>Communication aux visiteurs<br><a href=\"mailto:fl@hrtoday.ch\">fl@hrtoday.ch<\/a><br><a href=\"tel:+41 44 269 50 24\" data-type=\"tel\" data-id=\"tel:+41 44 269 50 24\">+41 44 269 50 24<\/a><\/p>\n<\/div>\n<\/div>\n\n\n\n<hr class=\"wp-block-separator is-style-wide\"\/>\n\n\n\n<div class=\"wp-block-columns\">\n<div class=\"wp-block-column\">\n<figure class=\"wp-block-image size-large\"><img loading=\"lazy\" width=\"400\" height=\"400\" src=\"https:\/\/hrf-2023.at2s.ch\/wp-content\/uploads\/2022\/02\/Christine-Bachmann.jpg\" alt=\"\" class=\"wp-image-3967\" srcset=\"https:\/\/hrf-2023.at2s.ch\/wp-content\/uploads\/2022\/02\/Christine-Bachmann.jpg 400w, https:\/\/hrf-2023.at2s.ch\/wp-content\/uploads\/2022\/02\/Christine-Bachmann-300x300.jpg 300w, https:\/\/hrf-2023.at2s.ch\/wp-content\/uploads\/2022\/02\/Christine-Bachmann-150x150.jpg 150w\" sizes=\"(max-width: 400px) 100vw, 400px\" \/><\/figure>\n\n\n\n<p><strong>Christine&nbsp;Bachmann<br><\/strong>R\u00e9dactrice en chef adjoint HR Today Suisse Al\u00e9manique<br><a href=\"mailto:cb@hrtoday.ch\">cb@hrtoday.ch<\/a><br><a href=\"tel:+41 44 269 50 29\">+41 44 269 50 29<\/a><\/p>\n<\/div>\n\n\n\n<div class=\"wp-block-column\">\n<figure class=\"wp-block-image size-large\"><img loading=\"lazy\" width=\"400\" height=\"400\" src=\"https:\/\/hrf-2023.at2s.ch\/wp-content\/uploads\/2022\/02\/Marc_Benninger.jpg\" alt=\"\" class=\"wp-image-3991\" srcset=\"https:\/\/hrf-2023.at2s.ch\/wp-content\/uploads\/2022\/02\/Marc_Benninger.jpg 400w, https:\/\/hrf-2023.at2s.ch\/wp-content\/uploads\/2022\/02\/Marc_Benninger-300x300.jpg 300w, https:\/\/hrf-2023.at2s.ch\/wp-content\/uploads\/2022\/02\/Marc_Benninger-150x150.jpg 150w\" sizes=\"(max-width: 400px) 100vw, 400px\" \/><\/figure>\n\n\n\n<p><strong>Marc Benninger<br><\/strong>R\u00e9dacteur en chef HR Today Suisse Romande<br><a href=\"mailto:mb@hrtoday.ch\">mb@hrtoday.ch <\/a><br><a href=\"tel:+41 79 430 60 45\">+41 79 430 60 45<\/a><\/p>\n<\/div>\n<\/div>\n\n\n\n<div class=\"wp-block-columns\">\n<div class=\"wp-block-column\">\n<figure class=\"wp-block-image size-full\"><img loading=\"lazy\" width=\"400\" height=\"400\" src=\"https:\/\/hrf-2023.at2s.ch\/wp-content\/uploads\/2022\/10\/Jemeima_Christen-_b.jpg\" alt=\"\" class=\"wp-image-7214\" srcset=\"https:\/\/hrf-2023.at2s.ch\/wp-content\/uploads\/2022\/10\/Jemeima_Christen-_b.jpg 400w, https:\/\/hrf-2023.at2s.ch\/wp-content\/uploads\/2022\/10\/Jemeima_Christen-_b-300x300.jpg 300w, https:\/\/hrf-2023.at2s.ch\/wp-content\/uploads\/2022\/10\/Jemeima_Christen-_b-150x150.jpg 150w\" sizes=\"(max-width: 400px) 100vw, 400px\" \/><\/figure>\n\n\n\n<p><strong><strong>Jemeima Christen<br><\/strong><\/strong>R\u00e9dactrice des contenus web Suisse Al\u00e9manique<br><a href=\"mailto:jc@hrtoday.ch\">jc@hrtoday.ch<\/a><br><a href=\"tel:+41 44 269 50 27\">+41 44 269 50 27<\/a><\/p>\n<\/div>\n\n\n\n<div class=\"wp-block-column\">\n<figure class=\"wp-block-image size-large\"><img loading=\"lazy\" width=\"400\" height=\"400\" src=\"https:\/\/hrf-2023.at2s.ch\/wp-content\/uploads\/2022\/02\/Erik_Freudenreich.jpg\" alt=\"\" class=\"wp-image-3976\" srcset=\"https:\/\/hrf-2023.at2s.ch\/wp-content\/uploads\/2022\/02\/Erik_Freudenreich.jpg 400w, https:\/\/hrf-2023.at2s.ch\/wp-content\/uploads\/2022\/02\/Erik_Freudenreich-300x300.jpg 300w, https:\/\/hrf-2023.at2s.ch\/wp-content\/uploads\/2022\/02\/Erik_Freudenreich-150x150.jpg 150w\" sizes=\"(max-width: 400px) 100vw, 400px\" \/><\/figure>\n\n\n\n<p><strong><strong>Erik Freudenreich<br><\/strong><\/strong>R\u00e9dacteur des contenus web Suisse Romande<br><a href=\"mailto:ef@hrtoday.ch\">ef@hrtoday.ch<\/a><\/p>\n<\/div>\n<\/div>\n\n\n\n<div class=\"wp-block-columns\">\n<div class=\"wp-block-column\">\n<figure class=\"wp-block-image size-large\"><img loading=\"lazy\" width=\"400\" height=\"400\" src=\"https:\/\/hrf-2023.at2s.ch\/wp-content\/uploads\/2022\/02\/Mari-Greco-zwischenBild.png\" alt=\"\" class=\"wp-image-4151\" srcset=\"https:\/\/hrf-2023.at2s.ch\/wp-content\/uploads\/2022\/02\/Mari-Greco-zwischenBild.png 400w, https:\/\/hrf-2023.at2s.ch\/wp-content\/uploads\/2022\/02\/Mari-Greco-zwischenBild-300x300.png 300w, https:\/\/hrf-2023.at2s.ch\/wp-content\/uploads\/2022\/02\/Mari-Greco-zwischenBild-150x150.png 150w\" sizes=\"(max-width: 400px) 100vw, 400px\" \/><\/figure>\n\n\n\n<p><strong><strong>Mari Greco<br><\/strong><\/strong>Responsable commerciale HR Today Suisse Al\u00e9manique<br><a href=\"mailto:mg@hrtoday.ch\">mg@hrtoday.ch<\/a><br><a href=\"tel:+41 44 269 50 28\">+41 44 269 50 28<\/a><br><\/p>\n<\/div>\n\n\n\n<div class=\"wp-block-column\">\n<figure class=\"wp-block-image size-large\"><img loading=\"lazy\" width=\"400\" height=\"400\" src=\"https:\/\/hrf-2023.at2s.ch\/wp-content\/uploads\/2022\/02\/Aurelia_Keusch.jpg\" alt=\"\" class=\"wp-image-3961\" srcset=\"https:\/\/hrf-2023.at2s.ch\/wp-content\/uploads\/2022\/02\/Aurelia_Keusch.jpg 400w, https:\/\/hrf-2023.at2s.ch\/wp-content\/uploads\/2022\/02\/Aurelia_Keusch-300x300.jpg 300w, https:\/\/hrf-2023.at2s.ch\/wp-content\/uploads\/2022\/02\/Aurelia_Keusch-150x150.jpg 150w\" sizes=\"(max-width: 400px) 100vw, 400px\" \/><\/figure>\n\n\n\n<p><strong><strong><strong>Aurelia Keusch<br><\/strong><\/strong><\/strong>Responsable commerciale HR Today Suisse Romande<br><a href=\"mailto:ak@hrtoday.ch\">ak@hrtoday.ch<\/a><br><a href=\"tel:+41 44 269 50 34\">+41 44 269 50 34<\/a><br><\/p>\n<\/div>\n<\/div>\n\n\n\n<div class=\"wp-block-columns\">\n<div class=\"wp-block-column\">\n<figure class=\"wp-block-image size-large\"><img loading=\"lazy\" width=\"400\" height=\"400\" src=\"https:\/\/hrf-2023.at2s.ch\/wp-content\/uploads\/2022\/02\/Jasmin_Knecht.jpg\" alt=\"\" class=\"wp-image-3985\" srcset=\"https:\/\/hrf-2023.at2s.ch\/wp-content\/uploads\/2022\/02\/Jasmin_Knecht.jpg 400w, https:\/\/hrf-2023.at2s.ch\/wp-content\/uploads\/2022\/02\/Jasmin_Knecht-300x300.jpg 300w, https:\/\/hrf-2023.at2s.ch\/wp-content\/uploads\/2022\/02\/Jasmin_Knecht-150x150.jpg 150w\" sizes=\"(max-width: 400px) 100vw, 400px\" \/><\/figure>\n\n\n\n<p><strong><strong>Jasmin Knecht<br><\/strong><\/strong>Graphiste<br><a href=\"mailto:jk@hrtoday.ch\">jk@hrtoday.ch<\/a><br><a href=\"tel:+41 44 269 50 15\">+41 44 269 50 15<\/a><\/p>\n<\/div>\n\n\n\n<div class=\"wp-block-column\">\n<figure class=\"wp-block-image size-large\"><img loading=\"lazy\" width=\"400\" height=\"400\" src=\"https:\/\/hrf-2023.at2s.ch\/wp-content\/uploads\/2022\/02\/Eveline_Moor.jpg\" alt=\"\" class=\"wp-image-3979\" srcset=\"https:\/\/hrf-2023.at2s.ch\/wp-content\/uploads\/2022\/02\/Eveline_Moor.jpg 400w, https:\/\/hrf-2023.at2s.ch\/wp-content\/uploads\/2022\/02\/Eveline_Moor-300x300.jpg 300w, https:\/\/hrf-2023.at2s.ch\/wp-content\/uploads\/2022\/02\/Eveline_Moor-150x150.jpg 150w\" sizes=\"(max-width: 400px) 100vw, 400px\" \/><\/figure>\n\n\n\n<p><strong>Eveline&nbsp;Moor<br><\/strong>Assistante d&rsquo;\u00e9dition<br><a href=\"mailto:info@almamedien.ch\"><\/a><a href=\"mailto:administration@almamedien.ch\">administration@almamedien.ch<\/a><br><a href=\"tel:+41 44 269 50 12\" data-type=\"tel\" data-id=\"tel:+41 44 269 50 12\">+41 44 269 50 12<\/a><\/p>\n<\/div>\n<\/div>\n\n\n\n<div class=\"wp-block-columns\">\n<div class=\"wp-block-column\">\n<figure class=\"wp-block-image size-large\"><img loading=\"lazy\" width=\"400\" height=\"400\" src=\"https:\/\/hrf-2023.at2s.ch\/wp-content\/uploads\/2022\/02\/Corinne_Pa\u0308pper.jpg\" alt=\"\" class=\"wp-image-3970\" srcset=\"https:\/\/hrf-2023.at2s.ch\/wp-content\/uploads\/2022\/02\/Corinne_Pa\u0308pper.jpg 400w, https:\/\/hrf-2023.at2s.ch\/wp-content\/uploads\/2022\/02\/Corinne_Pa\u0308pper-300x300.jpg 300w, https:\/\/hrf-2023.at2s.ch\/wp-content\/uploads\/2022\/02\/Corinne_Pa\u0308pper-150x150.jpg 150w\" sizes=\"(max-width: 400px) 100vw, 400px\" \/><\/figure>\n\n\n\n<p><strong><strong><strong>Corinne P\u00e4per<br><\/strong><\/strong><\/strong>R\u00e9dactrice en chef HR Today Suisse Al\u00e9manique<br><a href=\"mailto:cp@hrtoday.ch\">cp@hrtoday.ch<\/a><br><a href=\"tel:+41 44 269 50 21\">+41 44 269 50 21<\/a><\/p>\n<\/div>\n\n\n\n<div class=\"wp-block-column\">\n<figure class=\"wp-block-image size-large\"><img loading=\"lazy\" width=\"400\" height=\"400\" src=\"https:\/\/hrf-2023.at2s.ch\/wp-content\/uploads\/2022\/02\/Sina_Thu\u0308ring.jpg\" alt=\"\" class=\"wp-image-4003\" srcset=\"https:\/\/hrf-2023.at2s.ch\/wp-content\/uploads\/2022\/02\/Sina_Thu\u0308ring.jpg 400w, https:\/\/hrf-2023.at2s.ch\/wp-content\/uploads\/2022\/02\/Sina_Thu\u0308ring-300x300.jpg 300w, https:\/\/hrf-2023.at2s.ch\/wp-content\/uploads\/2022\/02\/Sina_Thu\u0308ring-150x150.jpg 150w\" sizes=\"(max-width: 400px) 100vw, 400px\" \/><\/figure>\n\n\n\n<p><strong><strong><strong><strong>Sina Th\u00fcring<br><\/strong><\/strong><\/strong><\/strong>Assistante marketing \/ administration<strong><br><a href=\"mailto:st@hrtoday.ch\">st@hrtoday.ch<\/a><br><a href=\"tel:+41 44 269 50 12\">+41 44 269 50 12<\/a><\/strong><\/p>\n<\/div>\n<\/div>\n\n\n\n<div class=\"wp-block-columns\">\n<div class=\"wp-block-column\">\n<figure class=\"wp-block-image size-large\"><img loading=\"lazy\" width=\"400\" height=\"400\" src=\"https:\/\/hrf-2023.at2s.ch\/wp-content\/uploads\/2022\/02\/Stefanie_von_Da\u0308niken.jpg\" alt=\"\" class=\"wp-image-4006\" srcset=\"https:\/\/hrf-2023.at2s.ch\/wp-content\/uploads\/2022\/02\/Stefanie_von_Da\u0308niken.jpg 400w, https:\/\/hrf-2023.at2s.ch\/wp-content\/uploads\/2022\/02\/Stefanie_von_Da\u0308niken-300x300.jpg 300w, https:\/\/hrf-2023.at2s.ch\/wp-content\/uploads\/2022\/02\/Stefanie_von_Da\u0308niken-150x150.jpg 150w\" sizes=\"(max-width: 400px) 100vw, 400px\" \/><\/figure>\n\n\n\n<p><strong><strong><strong><strong><strong>Stefanie\u00a0von D\u00e4niken<br><\/strong><\/strong><\/strong><\/strong><\/strong>Concepteur typographique \/ graphiste<strong><strong><strong><br><a href=\"mailto:svd@hrtoday.ch\">svd@hrtoday.ch<\/a><br><a href=\"tel:+41 44 269 50 17\">+41 44 269 50 17<\/a><\/strong><\/strong><\/strong><\/p>\n<\/div>\n\n\n\n<div class=\"wp-block-column\">\n<figure class=\"wp-block-image size-large\"><img loading=\"lazy\" width=\"400\" height=\"400\" src=\"https:\/\/hrf-2023.at2s.ch\/wp-content\/uploads\/2022\/02\/Matthias_Zimmermann_1800.jpg\" alt=\"\" class=\"wp-image-3997\" srcset=\"https:\/\/hrf-2023.at2s.ch\/wp-content\/uploads\/2022\/02\/Matthias_Zimmermann_1800.jpg 400w, https:\/\/hrf-2023.at2s.ch\/wp-content\/uploads\/2022\/02\/Matthias_Zimmermann_1800-300x300.jpg 300w, https:\/\/hrf-2023.at2s.ch\/wp-content\/uploads\/2022\/02\/Matthias_Zimmermann_1800-150x150.jpg 150w\" sizes=\"(max-width: 400px) 100vw, 400px\" \/><\/figure>\n\n\n\n<p><strong><strong><strong>Matthias Zimmermann<\/strong><br><\/strong><\/strong>Organisateur<strong><strong><br><a href=\"mailto:mz@hrtoday.ch\">mz@hrtoday.ch<\/a><br><a href=\"tel:+41 44 269 50 19\">+41 44 269 50 19<\/a><\/strong><\/strong><\/p>\n<\/div>\n<\/div>\n\n\n\n<div class=\"wp-block-columns\">\n<div class=\"wp-block-column\"><\/div>\n<\/div>\n<\/div>\n<\/div>\n\n\n\n<div class=\"wp-block-columns\">\n<div class=\"wp-block-column\"><\/div>\n\n\n\n<div class=\"wp-block-column\"><\/div>\n<\/div>\n\n\n\n<p><\/p>\n","protected":false},"excerpt":{"rendered":"<p>Tobias MengisContact exposants et sponsors, Directeurtm@hrtoday.ch+41 44 269 50 18 Lea MaurerContact marketing et organisation, Responsable marketing et eventslm@hrtoday.ch+41 44 269 50 36 Sara BugmannAssistance aux exposantssb@hrtoday.ch+41 44 269 50 37 Franziska Luginb\u00fchlCommunication aux visiteursfl@hrtoday.ch+41 44 269 50 24 Christine&nbsp;BachmannR\u00e9dactrice en chef adjoint HR Today Suisse Al\u00e9maniquecb@hrtoday.ch+41 44 269 50 29 Marc BenningerR\u00e9dacteur en chef [&hellip;]<\/p>\n","protected":false},"author":1,"featured_media":0,"parent":61,"menu_order":20,"comment_status":"closed","ping_status":"closed","template":"","meta":{"ub_ctt_via":""},"featured_image_src":null,"uagb_featured_image_src":{"full":false,"thumbnail":false,"medium":false,"medium_large":false,"large":false,"1536x1536":false,"2048x2048":false},"uagb_author_info":{"display_name":"at2S-Sam","author_link":"https:\/\/hrf-2023.at2s.ch\/fr\/author\/at2S-Sam\/"},"uagb_comment_info":0,"uagb_excerpt":"Tobias MengisContact exposants et sponsors, Directeurtm@hrtoday.ch+41 44 269 50 18 Lea MaurerContact marketing et organisation, Responsable marketing et eventslm@hrtoday.ch+41 44 269 50 36 Sara BugmannAssistance aux exposantssb@hrtoday.ch+41 44 269 50 37 Franziska Luginb\u00fchlCommunication aux visiteursfl@hrtoday.ch+41 44 269 50 24 Christine&nbsp;BachmannR\u00e9dactrice en chef adjoint HR Today Suisse Al\u00e9maniquecb@hrtoday.ch+41 44 269 50 29 Marc BenningerR\u00e9dacteur en chef\u2026","acf":[],"_links":{"self":[{"href":"https:\/\/hrf-2023.at2s.ch\/fr\/wp-json\/wp\/v2\/pages\/65"}],"collection":[{"href":"https:\/\/hrf-2023.at2s.ch\/fr\/wp-json\/wp\/v2\/pages"}],"about":[{"href":"https:\/\/hrf-2023.at2s.ch\/fr\/wp-json\/wp\/v2\/types\/page"}],"author":[{"embeddable":true,"href":"https:\/\/hrf-2023.at2s.ch\/fr\/wp-json\/wp\/v2\/users\/1"}],"replies":[{"embeddable":true,"href":"https:\/\/hrf-2023.at2s.ch\/fr\/wp-json\/wp\/v2\/comments?post=65"}],"version-history":[{"count":16,"href":"https:\/\/hrf-2023.at2s.ch\/fr\/wp-json\/wp\/v2\/pages\/65\/revisions"}],"predecessor-version":[{"id":7224,"href":"https:\/\/hrf-2023.at2s.ch\/fr\/wp-json\/wp\/v2\/pages\/65\/revisions\/7224"}],"up":[{"embeddable":true,"href":"https:\/\/hrf-2023.at2s.ch\/fr\/wp-json\/wp\/v2\/pages\/61"}],"wp:attachment":[{"href":"https:\/\/hrf-2023.at2s.ch\/fr\/wp-json\/wp\/v2\/media?parent=65"}],"curies":[{"name":"wp","href":"https:\/\/api.w.org\/{rel}","templated":true}]}}