{"id":70,"date":"2020-06-04T16:04:20","date_gmt":"2020-06-04T16:04:20","guid":{"rendered":"https:\/\/hrf-2023.at2s.ch\/?page_id=70"},"modified":"2020-06-04T16:11:56","modified_gmt":"2020-06-04T16:11:56","slug":"informations-juridiques","status":"publish","type":"page","link":"https:\/\/hrf-2023.at2s.ch\/fr\/home\/informations-juridiques\/","title":{"rendered":"Informations juridiques"},"content":{"rendered":"\n<h2>Politique de confidentialit\u00e9<\/h2>\n\n\n\n<p>La protection de votre sph\u00e8re priv\u00e9e nous est primordiale. Nous vous informons ci-apr\u00e8s en d\u00e9tail sur le traitement de vos donn\u00e9es \u00e0 caract\u00e8re personnel effectu\u00e9 par la soci\u00e9t\u00e9 ALMA\u00a0Medien\u00a0AG, sise Hofackerstrasse\u00a032, CH-8032 Z\u00fcrich.<\/p>\n\n\n\n<h4>1. Traitement des donn\u00e9es \u00e0 caract\u00e8re personnel Daten<\/h4>\n\n\n\n<h4><strong><strong>1.1. Visite de notre<\/strong><\/strong> <strong><strong>site Internet<\/strong><\/strong><\/h4>\n\n\n\n<p>A chaque fois qu\u2019un internaute consulte note site Internet, le serveur Internet enregistre automatiquement un fichier journal qui contient par exemple le nom de l\u2019URL consult\u00e9e, l\u2019adresse\u00a0IP de l\u2019utilisateur, la date et l\u2019heure de la consultation, le navigateur utilis\u00e9, le volume de donn\u00e9es transmis, le code de statut HTTP et le fournisseur comp\u00e9tent (donn\u00e9es d\u2019acc\u00e8s), et qui documente la consultation.<\/p>\n\n\n\n<p>Ces donn\u00e9es d\u2019acc\u00e8s sont analys\u00e9es exclusivement dans le but d\u2019assurer le bon fonctionnement du site, et d\u2019am\u00e9liorer notre offre. Cette clause permet de pr\u00e9server nos int\u00e9r\u00eats l\u00e9gitimes \u00e0 l\u2019affichage correct de notre offre qui pr\u00e9valent dans le cadre d\u2019une pes\u00e9e d\u2019int\u00e9r\u00eats.<\/p>\n\n\n\n<h4>1.2. Services d\u2019h\u00e9bergement assur\u00e9s par des fournisseurs tiers<\/h4>\n\n\n\n<p>Dans le cadre d\u2019un traitement de notre commande, des prestataires tiers nous fournissent les services d\u2019h\u00e9bergement et d\u2019affichage des pages Internet. Cette clause permet de pr\u00e9server nos int\u00e9r\u00eats l\u00e9gitimes pr\u00e9valant dans le cadre d\u2019une pes\u00e9e d\u2019int\u00e9r\u00eats \u00e0 afficher correctement nos offres et nos prestations de service.<\/p>\n\n\n\n<h4><strong><strong>1.3. Collecte et utilisation des donn\u00e9es en vue de l\u2019ex\u00e9cution du contrat<\/strong><\/strong><\/h4>\n\n\n\n<p>Nous utilisons des donn\u00e9es \u00e0 caract\u00e8re personnel dans les cas suivants:<\/p>\n\n\n\n<ul><li>lors d\u2019une commande\/inscription;<\/li><li>lors de l\u2019utilisation de nos produits num\u00e9riques;<\/li><li>lors de l\u2019abonnement\u00a0\/ du d\u00e9sabonnement aux newsletters;<\/li><li>lors d\u2019une prise de contact avec nos services;<\/li><li>afin d\u2019offrir plus de fonctions de s\u00e9curit\u00e9 et de confort dans nos boutiques en ligne et sur nos sites Internet.<\/li><\/ul>\n\n\n\n<p>Nous collectons des donn\u00e9es \u00e0 caract\u00e8re personnel lorsque vous nous les communiquez volontairement dans le cadre de votre commande, d\u2019une inscription, d\u2019une prise de contact avec nos services (p.\u00a0ex. par formulaire de contact ou par e-mail) ou de l\u2019ouverture d\u2019un compte client. Les champs obligatoires sont signal\u00e9s comme tels, car nous avons, dans ces cas-l\u00e0, imp\u00e9rativement besoin de ces donn\u00e9es en vue d\u2019ex\u00e9cuter le contrat et\/ou de traiter la prise de contact ou l\u2019ouverture du compte client. Si vous ne renseignez pas ces donn\u00e9es, nous ne pourrons pas finaliser la commande, l\u2019inscription et\/ou l\u2019ouverture du compte ou envoyer la prise de contact.<\/p>\n\n\n\n<p>Le type des donn\u00e9es collect\u00e9es est indiqu\u00e9 dans le formulaire de saisie correspondant. Nous utilisons les donn\u00e9es qui nous sont ainsi transmises en vue d\u2019ex\u00e9cuter le contrat et de traiter les requ\u00eates effectives.<\/p>\n\n\n\n<p>Une fois le contrat enti\u00e8rement ex\u00e9cut\u00e9 ou un compte client supprim\u00e9, un traitement ult\u00e9rieur des donn\u00e9es associ\u00e9es est limit\u00e9, et ces derni\u00e8res sont effac\u00e9es apr\u00e8s expiration des d\u00e9lais de conservation impos\u00e9s par la l\u00e9gislation fiscale et commerciale, pour autant que vous n\u2019avez pas express\u00e9ment donn\u00e9 votre consentement pour une utilisation ult\u00e9rieure de vos donn\u00e9es ou que nous nous r\u00e9servons le droit de recourir \u00e0 une autre utilisation de ces donn\u00e9es qui soit licite et dont nous vous informons dans la pr\u00e9sente d\u00e9claration. Vous pouvez \u00e0 tout moment supprimer votre compte client en nous adressant un message \u00e0 l\u2019adresse suivante:\u00a0<a href=\"mailto:info@almamedien.ch\">info@almamedien.ch<\/a>\u00a0ou en effectuant vous-m\u00eame la suppression via l\u2019une des fonctions pr\u00e9vues \u00e0 cet effet qui se trouvent dans votre espace client.<\/p>\n\n\n\n<p>Par ailleurs, nous nous r\u00e9servons le droit d\u2019utiliser votre pr\u00e9nom et votre nom, ainsi que votre adresse \u00e0 des fins publicitaires telles que l\u2019envoi par courrier d\u2019offres et d\u2019informations sur nos produits susceptibles de vous int\u00e9resser. Cette clause permet de pr\u00e9server nos int\u00e9r\u00eats l\u00e9gitimes pr\u00e9valant dans le cadre d\u2019une pes\u00e9e d\u2019int\u00e9r\u00eats \u00e0 assurer une communication publicitaire aupr\u00e8s de notre client\u00e8le.<\/p>\n\n\n\n<p>L\u2019exp\u00e9dition de ces courriers publicitaires est assur\u00e9e dans le cadre d\u2019un traitement de notre commande par un prestataire de service auquel nous transmettons vos donn\u00e9es \u00e0 cette fin. Vous pouvez \u00e0 tout moment vous opposer \u00e0 l\u2019enregistrement et \u00e0 l\u2019utilisation de vos donn\u00e9es \u00e0 ces fins en nous adressant un message \u00e0 l\u2019adresse suivante:\u00a0<a href=\"mailto:info@almamedien.ch\">info@almamedien.ch<\/a>.<\/p>\n\n\n\n<h3><strong><strong>2. Transfert de donn\u00e9es \u00e0 des tiers<\/strong><\/strong><\/h3>\n\n\n\n<p>En vue de l\u2019ex\u00e9cution du contrat, nous transmettons vos donn\u00e9es \u00e0 l\u2019entreprise d\u2019exp\u00e9dition en charge de la livraison, pour autant que ce transfert soit n\u00e9cessaire \u00e0 la livraison des marchandises command\u00e9es.<\/p>\n\n\n\n<p>Si, durant le processus de commande, vous s\u00e9lectionnez un prestataire de services de paiement, nous transmettons vos donn\u00e9es bancaires collect\u00e9es en vue du traitement des paiements au prestataire de services mandat\u00e9 pour s\u2019occuper desdits paiements. Dans l\u2019ensemble, les prestataires de services de paiement mandat\u00e9s collectent \u00e9galement ces donn\u00e9es eux-m\u00eames, pour autant que vous cr\u00e9ez directement un compte. Ces donn\u00e9es rel\u00e8vent alors du domaine exclusif de responsabilit\u00e9 en mati\u00e8re de protection des donn\u00e9es des prestataires de services de paiement.<\/p>\n\n\n\n<h3><strong><strong>3. Newsletter par e-mail<\/strong><\/strong><\/h3>\n\n\n\n<h4><strong><strong>3.1. Recevoir de la publicit\u00e9 \u00e9lectronique en s\u2019inscrivant \u00e0 la newsletter<\/strong><\/strong><\/h4>\n\n\n\n<p>Si vous vous inscrivez \u00e0 notre newsletter, nous utilisons les donn\u00e9es associ\u00e9es pour assurer l\u2019envoi r\u00e9gulier de ladite newsletter.<\/p>\n\n\n\n<p>Vous pouvez \u00e0 tout moment vous d\u00e9sabonner de la newsletter en cliquant sur le lien pr\u00e9vu \u00e0 cet effet qui figure dans chaque newsletter. Une fois votre d\u00e9sabonnement enregistr\u00e9, nous bloquons votre adresse \u00e9lectronique pour autant que vous n\u2019avez pas express\u00e9ment consenti \u00e0 une utilisation ult\u00e9rieure de vos donn\u00e9es ou que nous nous r\u00e9servons le droit de recourir \u00e0 une autre utilisation de ces donn\u00e9es qui soit licite et dont nous vous informons dans la pr\u00e9sente d\u00e9claration.<\/p>\n\n\n\n<h4><strong><strong>3.2. Recevoir de la publicit\u00e9 \u00e9lectronique sans inscription \u00e0 la newsletter et votre droit d\u2019opposition<\/strong><\/strong><\/h4>\n\n\n\n<p>Si nous recevons votre adresse \u00e9lectronique dans le cadre de l\u2019achat d\u2019une marchandise, d\u2019une formation continue ou d\u2019une prestation de services et si vous ne vous \u00eates pas oppos\u00e9(e) \u00e0 une telle d\u00e9marche, nous nous r\u00e9servons le droit de vous envoyer par e-mail des offres r\u00e9guli\u00e8res concernant des produits similaires de notre gamme. Cette clause permet de pr\u00e9server nos int\u00e9r\u00eats l\u00e9gitimes pr\u00e9valant dans le cadre d\u2019une pes\u00e9e d\u2019int\u00e9r\u00eats \u00e0 assurer une communication publicitaire aupr\u00e8s de notre client\u00e8le.<\/p>\n\n\n\n<p>Vous pouvez \u00e0 tout moment vous opposer \u00e0 cette utilisation de votre adresse \u00e9lectronique en cliquant sur le lien pr\u00e9vu \u00e0 cet effet qui figure dans le courriel publicitaire.<\/p>\n\n\n\n<p>L\u2019envoi de ces e-mails est effectu\u00e9 dans le cadre d\u2019un traitement et assur\u00e9 par un logiciel auquel nous avons transmis les adresses \u00e9lectroniques \u00e0 cette fin, \u00e0 savoir:<br>Mailchchimp (<a href=\"https:\/\/mailchimp.com\/legal\/\">https:\/\/mailchimp.com\/legal\/<\/a>)<\/p>\n\n\n\n<p>Lors de l\u2019envoi par courriel comme vis\u00e9 au pr\u00e9sent paragraphe, le comportement de clics est enregistr\u00e9 dans les e-mails afin d\u2019optimiser par la suite la structure et le contenu de la newsletter et, ainsi, pour pouvoir mieux couvrir le besoin d\u2019information de tous les destinataires. On mesure \u00e9galement si le courriel est ouvert et, si oui, \u00e0 quel moment.<\/p>\n\n\n\n<h4><strong><strong>3.3. Enqu\u00eates par e-mail<\/strong><\/strong><\/h4>\n\n\n\n<p>Afin de mieux \u00e9valuer la satisfaction et cerner les besoins de notre client\u00e8le, nous r\u00e9alisons des sondages en ligne anonymis\u00e9s et facultatifs par le biais du fournisseur Internet SurveyMonkey. Ces enqu\u00eates et les renseignements que vous y indiquez sont trait\u00e9s par la soci\u00e9t\u00e9 SurveyMonkey\u00a0Europe\u00a0Sarl, sise\u00a06, Rue Jean-Monnet, L-2180 Luxembourg. Vous trouverez de plus amples informations en consultant la politique de confidentialit\u00e9 de SurveyMonkey:\u00a0<a href=\"http:\/\/de.surveymonkey.com\/mp\/policy\/privacy-policy\/\">de.surveymonkey.com\/mp\/policy\/privacy-policy\/<\/a><\/p>\n\n\n\n<p>Vous pouvez \u00e0 tout moment vous opposer \u00e0 cette utilisation de votre adresse \u00e9lectronique en envoyant un message \u00e0 l\u2019adresse renseign\u00e9e dans les mentions l\u00e9gales.<\/p>\n\n\n\n<h3><strong><strong>4. Cookies et analyse de sites Internet<\/strong><\/strong><\/h3>\n\n\n\n<h4><strong><strong>4.1. Utilisation des cookies<\/strong><\/strong><\/h4>\n\n\n\n<p>Afin de rendre la visite de notre site Internet plus attrayante et permettre l\u2019utilisation de certaines fonctions visant \u00e0 garantir l\u2019affichage de produits adapt\u00e9s ou \u00e0 r\u00e9aliser des \u00e9tudes de march\u00e9, nous utilisons des cookies sur diff\u00e9rentes pages. Cette clause permet de pr\u00e9server nos int\u00e9r\u00eats l\u00e9gitimes \u00e0 l\u2019affichage optimis\u00e9 de notre offre qui pr\u00e9valent dans le cadre d\u2019une pes\u00e9e d\u2019int\u00e9r\u00eats. Les cookies sont de petits fichiers textes qui sont automatiquement enregistr\u00e9s sur votre terminal. Certains des cookies que nous utilisons sont ensuite effac\u00e9s une fois la session de votre navigateur termin\u00e9e, autrement dit une fois que vous avez ferm\u00e9 votre navigateur (c\u2019est ce que l\u2019on appelle des cookies de session). D\u2019autres cookies demeurent sur l\u2019appareil de l\u2019utilisateur et nous permettent d\u2019identifier \u00e0 nouveau le navigateur lors de la prochaine visite (cookies persistants). Vous pouvez consulter la dur\u00e9e de vie d\u2019un cookie dans les param\u00e8tres relatifs aux cookies de votre navigateur Internet. En consultant notre site Internet, vous consentez \u00e0 ce que nous utilisions des cookies et donc, \u00e0 ce que nous collections, sauvegardions et enregistrions des donn\u00e9es d\u2019utilisation \u00e0 caract\u00e8re personnel, et ce, m\u00eame apr\u00e8s la fermeture de votre session de navigateur. Vous pouvez \u00e0 tout moment r\u00e9voquer ce consentement en refusant l\u2019activation de cookies dans les param\u00e8tres de votre navigateur et en supprimant les cookies d\u00e9j\u00e0 install\u00e9s. Toutefois, un refus de cookies peut limiter les fonctionnalit\u00e9s de notre site Internet. Vous pouvez configurer votre navigateur de fa\u00e7on \u00e0 \u00eatre tenu(e) inform\u00e9(e) de l\u2019installation des cookies, \u00e0 permettre leur utilisation dans certaines situations, \u00e0 les refuser pour certains cas ou de mani\u00e8re g\u00e9n\u00e9rale. Chaque navigateur se distingue par la mani\u00e8re dont sont g\u00e9r\u00e9s les param\u00e8tres relatifs aux cookies. Vous trouverez de plus amples informations sur les cookies, ainsi que sur la mani\u00e8re de les accepter ou non en consultant les liens ci-dessous des fournisseurs de navigateurs pr\u00e9sents sur le march\u00e9:<\/p>\n\n\n\n<p>Internet Explorer\u2122:\u00a0<a href=\"https:\/\/support.microsoft.com\/fr-fr\/help\/17442\/windows-internet-explorer-delete-manage-cookies\">https:\/\/support.microsoft.com\/fr-fr\/help\/17442\/windows-internet-explorer-delete-manage-cookies<\/a><\/p>\n\n\n\n<p>Safari\u2122:\u00a0<a href=\"https:\/\/support.apple.com\/fr-fr\/guide\/safari\/sfri11471\/mac\">https:\/\/support.apple.com\/fr-fr\/guide\/safari\/sfri11471\/mac<\/a><\/p>\n\n\n\n<p>Chrome\u2122:\u00a0<a href=\"https:\/\/support.google.com\/chrome\/answer\/95647?co=GENIE.Platform%253DDesktop&amp;hl=fr\">https:\/\/support.google.com\/chrome\/answer\/95647?co=GENIE.Platform%3DDesktop&amp;hl=fr<\/a><\/p>\n\n\n\n<p>Firefox\u2122\u00a0<a href=\"https:\/\/support.mozilla.org\/fr\/kb\/cookies-informations-sites-enregistrent\">https:\/\/support.mozilla.org\/fr\/kb\/cookies-informations-sites-enregistrent<\/a><\/p>\n\n\n\n<p>Opera\u2122 :\u00a0<a href=\"http:\/\/help.opera.com\/Windows\/10.20\/de\/cookies.html\">http:\/\/help.opera.com\/Windows\/10.20\/de\/cookies.html<\/a><\/p>\n\n\n\n<h4><strong><strong>5.2. Utilisation de Google (Universal) Analytics en vue d\u2019une analyse de sites Internet<\/strong><\/strong><\/h4>\n\n\n\n<p>Notre site Internet a recours au service d\u2019analyse de sites Internet Google\u00a0Analytics de Google\u00a0Inc., Etats-Unis. Google\u00a0Analytics utilise des cookies (cf. ci-dessus). Ces cookies permettent une analyse de l\u2019utilisation de nos sites Internet, adresses\u00a0IP incluses, qu\u2019effectue Google aux Etats-Unis. Nous attirons votre attention sur le fait que Google\u00a0Analytics a \u00e9t\u00e9 \u00e9tendu du code \u00abgat._anonymizeIp();\u00bb sur le pr\u00e9sent site Internet afin de garantir un enregistrement anonymis\u00e9 des adresses\u00a0IP (dite masquage\u00a0IP). Si l\u2019anonymisation est activ\u00e9e, Google raccourcit les adresses\u00a0IP au sein des pays membres de l\u2019Union europ\u00e9enne ou dans tout autre \u00e9tat partie \u00e0 l\u2019Accord sur l\u2019Espace \u00e9conomique europ\u00e9en de sorte qu\u2019il soit impossible de tirer de conclusions sur votre identit\u00e9. Ce n\u2019est que dans des cas exceptionnels que l\u2019adresse\u00a0IP compl\u00e8te est transmise \u00e0 un serveur de Google aux USA et y est raccourcie. Google respecte les dispositions en mati\u00e8re de protection des donn\u00e9es du \u00abBouclier de protection des donn\u00e9es Suisse-Etats-Unis\u00bb(<a href=\"http:\/\/www.privacyshield.gov\/\">www.privacyshield.gov<\/a>) et dispose de fait d\u2019un niveau de protection ad\u00e9quat en mati\u00e8re de protection des donn\u00e9es. Google utilise les informations collect\u00e9es afin d\u2019\u00e9valuer pour notre compte l\u2019utilisation de nos sites Internet, de nous \u00e9tablir des rapports \u00e0 ce sujet et de nous fournir d\u2019autres prestations de services associ\u00e9es. Pour toute autre information sur ce point, veuillez cliquer sur le lien suivant:\u00a0<a href=\"http:\/\/www.google.com\/intl\/de\/analytics\/privacyoverview.html\">www.google.com\/intl\/de\/analytics\/privacyoverview.html<\/a>.<\/p>\n\n\n\n<p>Vous pouvez emp\u00eacher l\u2019enregistrement des donn\u00e9es g\u00e9n\u00e9r\u00e9es par les cookies et celles relatives \u00e0 votre utilisation du site Internet (incl. votre adresse\u00a0IP), ainsi que le traitement de ces donn\u00e9es par Google en t\u00e9l\u00e9chargeant et en installant les plug-ins disponibles pour votre navigateur au lien suivant:\u00a0<a href=\"https:\/\/tools.google.com\/dlpage\/gaoptout?hl=fr\">https:\/\/tools.google.com\/dlpage\/gaoptout?hl=fr<\/a>. En cliquant sur ce lien, un cookie d\u2019opt-out est install\u00e9 sur votre ordinateur. Ce cookie permet \u00e9galement d\u2019emp\u00eacher Google d\u2019effectuer des analyses. Cependant, vous devrez r\u00e9p\u00e9ter ce processus \u00e0 chaque fois que vous supprimerez des cookies.<\/p>\n\n\n\n<h3><strong><strong>6. Google\u00a0AdWords et Analytics\u00a0Remarketing<\/strong><\/strong><\/h3>\n\n\n\n<p>Gr\u00e2ce \u00e0 Google\u00a0AdWords, nous pouvons faire la promotion du pr\u00e9sent site Internet dans les r\u00e9sultats de recherche de Google, ainsi que sur les sites Internet de tiers. Pour ce faire, lorsque vous consultez notre site Internet, Google installe un cookie de remarketing, lequel permet d\u2019assurer l\u2019affichage automatique de publicit\u00e9s reposant sur vos int\u00e9r\u00eats par le biais d\u2019un ID de cookie pseudonyme et sur la base des sites que vous avez consult\u00e9s. Cette clause permet de pr\u00e9server nos int\u00e9r\u00eats l\u00e9gitimes pr\u00e9valant dans le cadre d\u2019une pes\u00e9e d\u2019int\u00e9r\u00eats \u00e0 assurer une commercialisation optimale de notre site Internet.<\/p>\n\n\n\n<p>Tout autre traitement des donn\u00e9es d\u00e9passant ce cadre n\u2019a pas lieu d\u2019\u00eatre \u00e0 moins que vous n\u2019ayez autoris\u00e9 Google \u00e0 associer votre historique de navigation de votre ordinateur et de vos applications \u00e0 votre compte Google, et \u00e0 utiliser les informations figurant sur votre compte Google pour personnaliser les annonces publicitaires que vous voyez sur Internet. Dans ce cas, si vous \u00eates connect\u00e9(e) \u00e0 Google lorsque vous consultez notre site Internet, Google utilise vos donn\u00e9es en les combinant aux donn\u00e9es de Google\u00a0Analytics afin de cr\u00e9er et de d\u00e9finir des listes de groupes cibles pour un remarketing applicable \u00e0 n\u2019importe quel appareil. Pour cela, Google associe temporairement vos donn\u00e9es \u00e0 caract\u00e8re personnel aux donn\u00e9es de Google\u00a0Analytics en vue de constituer des groupes cibles.<\/p>\n\n\n\n<p>Google\u00a0AdWords\u00a0Remarketing est une offre propos\u00e9e par Google\u00a0LLC (<a href=\"http:\/\/www.google.fr\/\">www.google.fr<\/a>). Le si\u00e8ge social de Google\u00a0LLC se trouve aux Etats-Unis et la soci\u00e9t\u00e9 a adh\u00e9r\u00e9 au Bouclier de protection des donn\u00e9es UE-Etats-Unis Vous pouvez consulter le certificat actuel sur le site\u00a0<a href=\"http:\/\/www.privacyshield.gov\/\">www.privacyshield.gov<\/a>. En raison de cet accord conclu entre les Etats-Unis et la Commission europ\u00e9enne, celle-ci a fix\u00e9 un niveau de protection adapt\u00e9 en mati\u00e8re de protection des donn\u00e9es pour toute entreprise ayant adh\u00e9r\u00e9 au Bouclier de protection des donn\u00e9es.<\/p>\n\n\n\n<p>Vous pouvez d\u00e9sactiver le cookie de remarketing en consultant cet article\u00a0<a href=\"https:\/\/www.google.com\/settings\/ads\/plugin\">https:\/\/www.google.com\/settings\/ads\/plugin<\/a>. De plus, vous pouvez vous informer sur l\u2019installation des cookies et proc\u00e9der aux r\u00e9glages qui s\u2019imposent en vous renseignant aupr\u00e8s de l\u2019organisme Digital\u00a0Advertising\u00a0Alliance (<a href=\"https:\/\/www.aboutads.info\/\">https:\/\/www.aboutads.info<\/a>). \u00a0<\/p>\n\n\n\n<p>Pour de plus amples informations sur Google\u00a0Remarketing, ainsi que sur la politique de confidentialit\u00e9 de Google, n\u2019h\u00e9sitez pas \u00e0 consulter la page suivante:\u00a0<a href=\"https:\/\/www.google.com\/privacy\/ads\/\">https:\/\/www.google.com\/privacy\/ads\/<\/a>.<\/p>\n\n\n\n<h3><strong><strong>7. Vid\u00e9os de Vimeo int\u00e9gr\u00e9es<\/strong><\/strong><\/h3>\n\n\n\n<p>Nous incrustons des vid\u00e9os de Vimeo sur certaines pages de notre site Internet. L\u2019exploitant des plug-ins concern\u00e9s est la soci\u00e9t\u00e9 Vimeo, Inc.\u00a0555 West\u00a018th Street, New\u00a0York, New\u00a0York 10011. Si vous consultez un site utilisant un plug-in de Vimeo, une connexion aux serveurs de Vimeo est \u00e9tablie. Vimeo est alors inform\u00e9e des pages du site que vous avez consult\u00e9es. Si vous \u00eates connect\u00e9(e) \u00e0 votre compte Vimeo, Vimeo peut alors associer votre comportement d\u2019internaute directement \u00e0 votre profil individuel. Vous pouvez bloquer cette option en vous d\u00e9connectant de votre compte Vimeo.<\/p>\n\n\n\n<p>Lorsqu\u2019une vid\u00e9o de Vimeo est d\u00e9marr\u00e9e, le fournisseur installe des cookies qui collectent des informations sur le comportement de l\u2019utilisateur.<\/p>\n\n\n\n<p>Vous trouverez de plus amples informations sur la protection des donn\u00e9es de Vimeo en consultant la politique de confidentialit\u00e9 du fournisseur \u00e0 l\u2019adresse suivante: \u00a0<a href=\"https:\/\/vimeo.com\/privacy\">https:\/\/vimeo.com\/privacy<\/a><\/p>\n\n\n\n<h3><strong><strong>8. Hyperliens vers d\u2019autres sites Internet<\/strong><\/strong><\/h3>\n\n\n\n<p>Certaines de nos annonces Internet contiennent des liens vers d\u2019autres sites Internet et des r\u00e9seaux sociaux (p.\u00a0ex. Facebook, XING, LinkedIn, Twitter, Instagramm). Nous ne surveillons pas ces sites Internet. Nous ne pouvons donc \u00eatre tenus responsables ni de leur contenu ni de leur utilisation de vos donn\u00e9es \u00e0 caract\u00e8re personnel.<\/p>\n\n\n\n<h3><strong><strong>9. Droits, renseignement et coordonn\u00e9es<\/strong><\/strong><\/h3>\n\n\n\n<p>La soci\u00e9t\u00e9 ALMA\u00a0Medien\u00a0AG est le pr\u00e9pos\u00e9 \u00e0 la protection des donn\u00e9es. Dans le cadre de la l\u00e9gislation en mati\u00e8re de protection des donn\u00e9es, cette soci\u00e9t\u00e9 est notamment charg\u00e9e de s\u2019occuper de toute demande ou de tout renseignement concernant les donn\u00e9es \u00e0 caract\u00e8re personnel enregistr\u00e9es, ainsi que leur traitement, leur rectification, les droits d\u2019opposition \u00e0 la collecte et \u00e0 la conservation des donn\u00e9es, ou encore les demandes d\u2019effacement de donn\u00e9es. Pour contacter le responsable en charge de la protection des donn\u00e9es, veuillez utiliser les coordonn\u00e9es mentionn\u00e9es ci-apr\u00e8s:<\/p>\n\n\n\n<p>ALMA\u00a0Medien\u00a0AG<br>Datenschutzbeauftragter<br>Hofackerstrasse\u00a032<br>CH-8032 Z\u00fcrich\u00a0<br>+41\u00a044\u00a0269\u00a050\u00a018<br><a href=\"mailto:tm@hrtoday.ch\">tm@hrtoday.ch<\/a><\/p>\n\n\n\n<p>L\u2019autorit\u00e9 de surveillance comp\u00e9tente en mati\u00e8re de protection des donn\u00e9es pour la Suisse est le Pr\u00e9pos\u00e9 f\u00e9d\u00e9ral \u00e0 la protection des donn\u00e9es et \u00e0 la transparence (PFPDT):\u00a0<a href=\"https:\/\/www.edoeb.admin.ch\/edoeb\/fr\/home.html\">https:\/\/www.edoeb.admin.ch\/edoeb\/fr\/home.html<\/a>.<\/p>\n\n\n\n<h3><strong><strong>10. Droit d\u2019opposition<\/strong><\/strong><\/h3>\n\n\n\n<p>Si des donn\u00e9es \u00e0 caract\u00e8re personnel relatives \u00e0 l\u2019Union europ\u00e9enne\u00a0(UE) conform\u00e9ment \u00e0 l\u2019art.\u00a03 du R\u00e8glement g\u00e9n\u00e9ral europ\u00e9en sur la protection des donn\u00e9es (RGPD) sont trait\u00e9es sur la base des int\u00e9r\u00eats l\u00e9gitimes selon l\u2019art.\u00a06\u00a0al.\u00a01\u00a0p.\u00a01\u00a0lit.\u00a0f du RGPD, vous \u00eates en droit conform\u00e9ment \u00e0 l\u2019art.\u00a021 du RGPD de vous opposer au traitement de telles donn\u00e9es pour autant que les motifs \u00e9voqu\u00e9s r\u00e9sultent de votre situation particuli\u00e8re ou que l\u2019opposition concerne des mesures de publipostage. Dans ce dernier cas, vous pouvez \u00e0 tout moment vous opposer \u00e0 l\u2019utilisation de vos donn\u00e9es \u00e0 des fins de marketing avec effet imm\u00e9diat. Veuillez tenir compte du fait que le traitement de ce genre de requ\u00eates peut, pour des raisons d\u2019ordre technique, prendre quelques jours.<\/p>\n\n\n\n<h3><strong><strong>11. Dur\u00e9e de conservation et suppression<\/strong><\/strong><\/h3>\n\n\n\n<p>Nous conservons les donn\u00e9es \u00e0 caract\u00e8re personnel aussi longtemps que la personne concern\u00e9e nous y autorise, que cela est n\u00e9cessaire \u00e0 l\u2019\u00e9tablissement de la relation juridique associ\u00e9e et\/ou requis par la loi. Toutefois, les donn\u00e9es \u00e0 caract\u00e8re personnel sont supprim\u00e9es de mani\u00e8re ad\u00e9quate et au mieux sur le plan technique.<\/p>\n\n\n\n<h3><strong><strong>12. Modifications de la pr\u00e9sente politique de confidentialit\u00e9<\/strong><\/strong><\/h3>\n\n\n\n<p>Pour autant que cela soit l\u00e9galement et\/ou v\u00e9ritablement n\u00e9cessaire, la pr\u00e9sente politique de confidentialit\u00e9 est adapt\u00e9e et\/ou modifi\u00e9e.<\/p>\n\n\n\n<p>CH-Z\u00fcrich, 03.01.2018<\/p>\n","protected":false},"excerpt":{"rendered":"<p>Politique de confidentialit\u00e9 La protection de votre sph\u00e8re priv\u00e9e nous est primordiale. Nous vous informons ci-apr\u00e8s en d\u00e9tail sur le traitement de vos donn\u00e9es \u00e0 caract\u00e8re personnel effectu\u00e9 par la soci\u00e9t\u00e9 ALMA\u00a0Medien\u00a0AG, sise Hofackerstrasse\u00a032, CH-8032 Z\u00fcrich. 1. Traitement des donn\u00e9es \u00e0 caract\u00e8re personnel Daten 1.1. Visite de notre site Internet A chaque fois qu\u2019un internaute [&hellip;]<\/p>\n","protected":false},"author":1,"featured_media":0,"parent":61,"menu_order":5,"comment_status":"closed","ping_status":"closed","template":"","meta":{"ub_ctt_via":""},"featured_image_src":null,"uagb_featured_image_src":{"full":false,"thumbnail":false,"medium":false,"medium_large":false,"large":false,"1536x1536":false,"2048x2048":false},"uagb_author_info":{"display_name":"at2S-Sam","author_link":"https:\/\/hrf-2023.at2s.ch\/fr\/author\/at2S-Sam\/"},"uagb_comment_info":0,"uagb_excerpt":"Politique de confidentialit\u00e9 La protection de votre sph\u00e8re priv\u00e9e nous est primordiale. Nous vous informons ci-apr\u00e8s en d\u00e9tail sur le traitement de vos donn\u00e9es \u00e0 caract\u00e8re personnel effectu\u00e9 par la soci\u00e9t\u00e9 ALMA\u00a0Medien\u00a0AG, sise Hofackerstrasse\u00a032, CH-8032 Z\u00fcrich. 1. Traitement des donn\u00e9es \u00e0 caract\u00e8re personnel Daten 1.1. Visite de notre site Internet A chaque fois qu\u2019un internaute\u2026","acf":[],"_links":{"self":[{"href":"https:\/\/hrf-2023.at2s.ch\/fr\/wp-json\/wp\/v2\/pages\/70"}],"collection":[{"href":"https:\/\/hrf-2023.at2s.ch\/fr\/wp-json\/wp\/v2\/pages"}],"about":[{"href":"https:\/\/hrf-2023.at2s.ch\/fr\/wp-json\/wp\/v2\/types\/page"}],"author":[{"embeddable":true,"href":"https:\/\/hrf-2023.at2s.ch\/fr\/wp-json\/wp\/v2\/users\/1"}],"replies":[{"embeddable":true,"href":"https:\/\/hrf-2023.at2s.ch\/fr\/wp-json\/wp\/v2\/comments?post=70"}],"version-history":[{"count":2,"href":"https:\/\/hrf-2023.at2s.ch\/fr\/wp-json\/wp\/v2\/pages\/70\/revisions"}],"predecessor-version":[{"id":74,"href":"https:\/\/hrf-2023.at2s.ch\/fr\/wp-json\/wp\/v2\/pages\/70\/revisions\/74"}],"up":[{"embeddable":true,"href":"https:\/\/hrf-2023.at2s.ch\/fr\/wp-json\/wp\/v2\/pages\/61"}],"wp:attachment":[{"href":"https:\/\/hrf-2023.at2s.ch\/fr\/wp-json\/wp\/v2\/media?parent=70"}],"curies":[{"name":"wp","href":"https:\/\/api.w.org\/{rel}","templated":true}]}}