{"id":7567,"date":"2022-11-29T12:53:47","date_gmt":"2022-11-29T12:53:47","guid":{"rendered":"https:\/\/hrf-2023.at2s.ch\/?page_id=7567"},"modified":"2022-12-01T15:29:53","modified_gmt":"2022-12-01T15:29:53","slug":"fur-besuchende-fr","status":"publish","type":"page","link":"https:\/\/hrf-2023.at2s.ch\/fr\/fur-besuchende-fr\/","title":{"rendered":"Infos visiteurs"},"content":{"rendered":"\n<p>Comment allons-nous travailler et comment voulons-nous travailler ? Des questions qui pr\u00e9occupent de nombreux responsables RH. Les r\u00e9ponses se trouvent \u00e0 l&rsquo;occasion du HR FESTIVAL europe, le plus grand \u00e9v\u00e9nement suisse pour les professionnels des RH, qui aura lieu du 28 au 29 mars 2023 \u00e0 Messe Z\u00fcrich.<\/p>\n\n\n\n<p>Le HR FESTIVAL europe inspire sur 15&rsquo;000 m\u00b2 dans quatre halls, avec des speakers internationaux sur deux grandes podiums, 50 ateliers interactifs dans cinq d\u00f4mes et plus de 200 exposants de services de la branche RH europ\u00e9enne. L&rsquo;internationalit\u00e9 est prise en compte : les pr\u00e9sentations des keynote speakers sont traduites simultan\u00e9ment en allemand, anglais et fran\u00e7ais. Le HR FESTIVAL europe accueillera quelque 6000 visionnaires, pionniers et hommes d&rsquo;action du monde des ressources humaines pour leur permettre de r\u00e9seauter.<\/p>\n\n\n\n<p>Le HR FESTIVAL europe est organis\u00e9 par HR Today, le magazine sp\u00e9cialis\u00e9 en ressources humaines le plus diffus\u00e9 et le plus connu en Suisse.<\/p>\n","protected":false},"excerpt":{"rendered":"<p>Comment allons-nous travailler et comment voulons-nous travailler ? Des questions qui pr\u00e9occupent de nombreux responsables RH. Les r\u00e9ponses se trouvent \u00e0 l&rsquo;occasion du HR FESTIVAL europe, le plus grand \u00e9v\u00e9nement suisse pour les professionnels des RH, qui aura lieu du 28 au 29 mars 2023 \u00e0 Messe Z\u00fcrich. Le HR FESTIVAL europe inspire sur 15&rsquo;000 [&hellip;]<\/p>\n","protected":false},"author":1,"featured_media":0,"parent":0,"menu_order":3,"comment_status":"closed","ping_status":"closed","template":"","meta":{"ub_ctt_via":""},"featured_image_src":null,"uagb_featured_image_src":{"full":false,"thumbnail":false,"medium":false,"medium_large":false,"large":false,"1536x1536":false,"2048x2048":false},"uagb_author_info":{"display_name":"at2S-Sam","author_link":"https:\/\/hrf-2023.at2s.ch\/fr\/author\/at2S-Sam\/"},"uagb_comment_info":0,"uagb_excerpt":"Comment allons-nous travailler et comment voulons-nous travailler ? Des questions qui pr\u00e9occupent de nombreux responsables RH. Les r\u00e9ponses se trouvent \u00e0 l&rsquo;occasion du HR FESTIVAL europe, le plus grand \u00e9v\u00e9nement suisse pour les professionnels des RH, qui aura lieu du 28 au 29 mars 2023 \u00e0 Messe Z\u00fcrich. Le HR FESTIVAL europe inspire sur 15&rsquo;000\u2026","acf":[],"_links":{"self":[{"href":"https:\/\/hrf-2023.at2s.ch\/fr\/wp-json\/wp\/v2\/pages\/7567"}],"collection":[{"href":"https:\/\/hrf-2023.at2s.ch\/fr\/wp-json\/wp\/v2\/pages"}],"about":[{"href":"https:\/\/hrf-2023.at2s.ch\/fr\/wp-json\/wp\/v2\/types\/page"}],"author":[{"embeddable":true,"href":"https:\/\/hrf-2023.at2s.ch\/fr\/wp-json\/wp\/v2\/users\/1"}],"replies":[{"embeddable":true,"href":"https:\/\/hrf-2023.at2s.ch\/fr\/wp-json\/wp\/v2\/comments?post=7567"}],"version-history":[{"count":11,"href":"https:\/\/hrf-2023.at2s.ch\/fr\/wp-json\/wp\/v2\/pages\/7567\/revisions"}],"predecessor-version":[{"id":7840,"href":"https:\/\/hrf-2023.at2s.ch\/fr\/wp-json\/wp\/v2\/pages\/7567\/revisions\/7840"}],"wp:attachment":[{"href":"https:\/\/hrf-2023.at2s.ch\/fr\/wp-json\/wp\/v2\/media?parent=7567"}],"curies":[{"name":"wp","href":"https:\/\/api.w.org\/{rel}","templated":true}]}}